{"id":7286,"date":"2024-12-08T07:19:41","date_gmt":"2024-12-08T12:19:41","guid":{"rendered":"https:\/\/shop.paulettesauve.com\/product\/lart-numerique-dans-les-fibres-et-les-textiles-partie-1\/"},"modified":"2026-02-20T06:38:53","modified_gmt":"2026-02-20T11:38:53","slug":"lart-numerique-dans-les-fibres-et-les-textiles-partie-1","status":"publish","type":"product","link":"https:\/\/shop.paulettesauve.com\/fr\/produit\/lart-numerique-dans-les-fibres-et-les-textiles-partie-1\/","title":{"rendered":"L\u2019art num\u00e9rique dans les fibres et les textiles &#8211; Partie 1"},"content":{"rendered":"<p>L\u2019art num\u00e9rique dans les fibres et les textiles &#8211; Partie 1<\/p>\n","protected":false},"excerpt":{"rendered":"<h3>Le th\u00e8me de cette \u0153uvre s\u2019inspire des magnifiques r\u00e9cifs coralliens et de la vie marine qui doit \u00eatre prot\u00e9g\u00e9e pour la diversit\u00e9 des \u00e9cosyst\u00e8mes. Nous devons prot\u00e9ger la faune, la faune, la flore et les organismes aquatiques dans les oc\u00e9ans.<br \/>\nCette courte vid\u00e9o fait partie de ma pr\u00e9sentation d\u2019art textile \u00e9lectronique cr\u00e9\u00e9 avec des microcontr\u00f4leurs programm\u00e9s pour animer mes tapisseries tiss\u00e9es \u00e0 la main. Cela fait \u00e9galement partie d\u2019une exposition personnelle qui sera pr\u00e9sent\u00e9e \u00e0 l\u2019automne 2026. Contactez l\u2019artiste pour plus d\u2019informations : pauette@paulettesauve.com   <\/h3>\n<p>&nbsp;<\/p>\n<p>&nbsp;<\/p>\n[video width=\"720\" height=\"1280\" mp4=\"https:\/\/shop.paulettesauve.com\/wp-content\/uploads\/2024\/12\/P-M-Sauve_Coral-Reef_2024-12-08e2_6MB_video-project_1-Saved.mp4\"][\/video]\n","protected":false},"featured_media":7284,"comment_status":"open","ping_status":"closed","template":"","meta":[],"product_brand":[],"product_cat":[99,208],"product_tag":[101,209],"class_list":{"0":"post-7286","1":"product","2":"type-product","3":"status-publish","4":"has-post-thumbnail","6":"product_cat-art-electronique","7":"product_cat-art-numerique-fr-2","8":"product_tag-art-electronique","9":"product_tag-art-numerique-fr-3","11":"first","12":"instock","13":"taxable","14":"shipping-taxable","15":"product-type-simple"},"jetpack_sharing_enabled":true,"_links":{"self":[{"href":"https:\/\/shop.paulettesauve.com\/fr\/wp-json\/wp\/v2\/product\/7286","targetHints":{"allow":["GET"]}}],"collection":[{"href":"https:\/\/shop.paulettesauve.com\/fr\/wp-json\/wp\/v2\/product"}],"about":[{"href":"https:\/\/shop.paulettesauve.com\/fr\/wp-json\/wp\/v2\/types\/product"}],"replies":[{"embeddable":true,"href":"https:\/\/shop.paulettesauve.com\/fr\/wp-json\/wp\/v2\/comments?post=7286"}],"version-history":[{"count":5,"href":"https:\/\/shop.paulettesauve.com\/fr\/wp-json\/wp\/v2\/product\/7286\/revisions"}],"predecessor-version":[{"id":8075,"href":"https:\/\/shop.paulettesauve.com\/fr\/wp-json\/wp\/v2\/product\/7286\/revisions\/8075"}],"wp:featuredmedia":[{"embeddable":true,"href":"https:\/\/shop.paulettesauve.com\/fr\/wp-json\/wp\/v2\/media\/7284"}],"wp:attachment":[{"href":"https:\/\/shop.paulettesauve.com\/fr\/wp-json\/wp\/v2\/media?parent=7286"}],"wp:term":[{"taxonomy":"product_brand","embeddable":true,"href":"https:\/\/shop.paulettesauve.com\/fr\/wp-json\/wp\/v2\/product_brand?post=7286"},{"taxonomy":"product_cat","embeddable":true,"href":"https:\/\/shop.paulettesauve.com\/fr\/wp-json\/wp\/v2\/product_cat?post=7286"},{"taxonomy":"product_tag","embeddable":true,"href":"https:\/\/shop.paulettesauve.com\/fr\/wp-json\/wp\/v2\/product_tag?post=7286"}],"curies":[{"name":"wp","href":"https:\/\/api.w.org\/{rel}","templated":true}]}}