{"id":7202,"date":"2024-10-21T07:53:04","date_gmt":"2024-10-21T11:53:04","guid":{"rendered":"https:\/\/shop.paulettesauve.com\/product\/coral-reef-v8623\/"},"modified":"2025-05-10T13:41:13","modified_gmt":"2025-05-10T17:41:13","slug":"coral-reef-v8623","status":"publish","type":"product","link":"https:\/\/shop.paulettesauve.com\/fr\/produit\/coral-reef-v8623\/","title":{"rendered":"CORAL REEF V8623"},"content":{"rendered":"<p>CORAL REEF V8623<\/p>\n","protected":false},"excerpt":{"rendered":"<h5><strong>Il s\u2019agit d\u2019une tapisserie unique, tiss\u00e9e \u00e0 la main. Un certificat d\u2019authenticit\u00e9 accompagne chaque \u0153uvre d\u2019art. L\u2019artiste, r\u00e9cipiendaire d\u2019une ma\u00eetrise en beaux-arts de l\u2019Universit\u00e9 du Qu\u00e9bec \u00e0 Montr\u00e9al, expose ses \u0153uvres dans des mus\u00e9es, des collections corporatives et priv\u00e9es dans plusieurs pays.<br \/>\n<\/strong><strong>Cette tapisserie repr\u00e9sente les charmants r\u00e9cifs coralliens que nous devons prot\u00e9ger pour la diversit\u00e9 de l\u2019\u00e9cosyst\u00e8me. Cette \u0153uvre est tiss\u00e9e \u00e0 la main en fil de coton et de tencel. Elle<\/strong><strong> est tendu sur un support en bois et des crochets sont install\u00e9s. Les dimensions sont de 23 x 72 cm. <\/strong><strong>Le prix comprend les taxes. Frais de port calcul\u00e9s \u00e0 la caisse.<\/strong><\/h5>\n<p><img decoding=\"async\" class=\"alignnone size-full wp-image-1670\" src=\"https:\/\/shop.paulettesauve.com\/wp-content\/uploads\/2023\/11\/P-M-Sauve_CREDIT-CARDS-ACCEPTED_1b.jpg\" alt=\"\" width=\"265\" height=\"59\" \/><\/p>\n","protected":false},"featured_media":7200,"comment_status":"open","ping_status":"closed","template":"","meta":[],"product_brand":[],"product_cat":[116,163,66],"product_tag":[117,159,72],"class_list":{"0":"post-7202","1":"product","2":"type-product","3":"status-publish","4":"has-post-thumbnail","6":"product_cat-proteger-la-faune","7":"product_cat-resume-techniques-mixtes","8":"product_cat-tapisseries-fr","9":"product_tag-proteger-la-faune","10":"product_tag-resume-techniques-mixtes","11":"product_tag-tapisseries","13":"first","14":"instock","15":"sold-individually","16":"shipping-taxable","17":"purchasable","18":"product-type-simple"},"jetpack_sharing_enabled":true,"_links":{"self":[{"href":"https:\/\/shop.paulettesauve.com\/fr\/wp-json\/wp\/v2\/product\/7202","targetHints":{"allow":["GET"]}}],"collection":[{"href":"https:\/\/shop.paulettesauve.com\/fr\/wp-json\/wp\/v2\/product"}],"about":[{"href":"https:\/\/shop.paulettesauve.com\/fr\/wp-json\/wp\/v2\/types\/product"}],"replies":[{"embeddable":true,"href":"https:\/\/shop.paulettesauve.com\/fr\/wp-json\/wp\/v2\/comments?post=7202"}],"version-history":[{"count":4,"href":"https:\/\/shop.paulettesauve.com\/fr\/wp-json\/wp\/v2\/product\/7202\/revisions"}],"predecessor-version":[{"id":7732,"href":"https:\/\/shop.paulettesauve.com\/fr\/wp-json\/wp\/v2\/product\/7202\/revisions\/7732"}],"wp:featuredmedia":[{"embeddable":true,"href":"https:\/\/shop.paulettesauve.com\/fr\/wp-json\/wp\/v2\/media\/7200"}],"wp:attachment":[{"href":"https:\/\/shop.paulettesauve.com\/fr\/wp-json\/wp\/v2\/media?parent=7202"}],"wp:term":[{"taxonomy":"product_brand","embeddable":true,"href":"https:\/\/shop.paulettesauve.com\/fr\/wp-json\/wp\/v2\/product_brand?post=7202"},{"taxonomy":"product_cat","embeddable":true,"href":"https:\/\/shop.paulettesauve.com\/fr\/wp-json\/wp\/v2\/product_cat?post=7202"},{"taxonomy":"product_tag","embeddable":true,"href":"https:\/\/shop.paulettesauve.com\/fr\/wp-json\/wp\/v2\/product_tag?post=7202"}],"curies":[{"name":"wp","href":"https:\/\/api.w.org\/{rel}","templated":true}]}}