{"id":6530,"date":"2024-07-18T14:23:59","date_gmt":"2024-07-18T18:23:59","guid":{"rendered":"https:\/\/shop.paulettesauve.com\/product\/environnement-ballet-oiseau-au-paradis\/"},"modified":"2024-07-18T14:28:20","modified_gmt":"2024-07-18T18:28:20","slug":"environnement-ballet-oiseau-de-paradis","status":"publish","type":"product","link":"https:\/\/shop.paulettesauve.com\/fr\/produit\/environnement-ballet-oiseau-de-paradis\/","title":{"rendered":"Environnement\/Ballet Oiseau au Paradis"},"content":{"rendered":"<p>Environnement\/Ballet Oiseau au Paradis<\/p>\n","protected":false},"excerpt":{"rendered":"<p><strong>De 1972 \u00e0 1978, Sauv\u00e9 cr\u00e9e l\u2019installation\/performance intitul\u00e9e Environnement\/Ballet Oiseau au Paradis, compos\u00e9e de vingt panneaux de fils acryliques nou\u00e9s sur des tubes d\u2019aluminium, d\u2019un mur de luminaires fluorescents bleus, de rubans de vinyle et d\u2019une vari\u00e9t\u00e9 de courtes longueurs de tubes de cuivre pour les effets sonores musicaux. Chaque panneau mesure 244 cm de haut sur 244 cm de large. Cette installation a \u00e9t\u00e9 expos\u00e9e sur le toit de la Galerie Conventum de la rue Sanguinet \u00e0 Montr\u00e9al en 1974, et elle a \u00e9t\u00e9 expos\u00e9e \u00e0 la Maison des Arts La Sauvegarde de Montr\u00e9al, puis, en 1975, elle a rempli trois salles de la Galerie de la Soci\u00e9t\u00e9 des Artistes Professionnels du Qu\u00e9bec (SAPQ), et en 1976 elle a \u00e9t\u00e9 plac\u00e9e dans un champ d\u2019une ferme pr\u00e8s de Verch\u00e8res.  Qu\u00e9bec, o\u00f9 il a \u00e9t\u00e9 photographi\u00e9 et transform\u00e9 en diaporama par Gilles Dempsey de Montr\u00e9al. Photos par Gilles Dempsey.<\/strong><\/p>\n","protected":false},"featured_media":5833,"comment_status":"open","ping_status":"closed","template":"","meta":[],"product_brand":[],"product_cat":[76],"product_tag":[110],"class_list":{"0":"post-6530","1":"product","2":"type-product","3":"status-publish","4":"has-post-thumbnail","6":"product_cat-publications-fr","7":"product_tag-publications-fr","9":"first","10":"instock","11":"taxable","12":"shipping-taxable","13":"product-type-simple"},"jetpack_sharing_enabled":true,"_links":{"self":[{"href":"https:\/\/shop.paulettesauve.com\/fr\/wp-json\/wp\/v2\/product\/6530","targetHints":{"allow":["GET"]}}],"collection":[{"href":"https:\/\/shop.paulettesauve.com\/fr\/wp-json\/wp\/v2\/product"}],"about":[{"href":"https:\/\/shop.paulettesauve.com\/fr\/wp-json\/wp\/v2\/types\/product"}],"replies":[{"embeddable":true,"href":"https:\/\/shop.paulettesauve.com\/fr\/wp-json\/wp\/v2\/comments?post=6530"}],"version-history":[{"count":2,"href":"https:\/\/shop.paulettesauve.com\/fr\/wp-json\/wp\/v2\/product\/6530\/revisions"}],"predecessor-version":[{"id":6533,"href":"https:\/\/shop.paulettesauve.com\/fr\/wp-json\/wp\/v2\/product\/6530\/revisions\/6533"}],"wp:featuredmedia":[{"embeddable":true,"href":"https:\/\/shop.paulettesauve.com\/fr\/wp-json\/wp\/v2\/media\/5833"}],"wp:attachment":[{"href":"https:\/\/shop.paulettesauve.com\/fr\/wp-json\/wp\/v2\/media?parent=6530"}],"wp:term":[{"taxonomy":"product_brand","embeddable":true,"href":"https:\/\/shop.paulettesauve.com\/fr\/wp-json\/wp\/v2\/product_brand?post=6530"},{"taxonomy":"product_cat","embeddable":true,"href":"https:\/\/shop.paulettesauve.com\/fr\/wp-json\/wp\/v2\/product_cat?post=6530"},{"taxonomy":"product_tag","embeddable":true,"href":"https:\/\/shop.paulettesauve.com\/fr\/wp-json\/wp\/v2\/product_tag?post=6530"}],"curies":[{"name":"wp","href":"https:\/\/api.w.org\/{rel}","templated":true}]}}