{"id":794,"date":"2023-09-08T04:11:43","date_gmt":"2023-09-08T08:11:43","guid":{"rendered":"https:\/\/shop.paulettesauve.com\/a-propos-de\/"},"modified":"2026-01-31T08:48:23","modified_gmt":"2026-01-31T13:48:23","slug":"a-propos-de","status":"publish","type":"page","link":"https:\/\/shop.paulettesauve.com\/fr\/a-propos-de\/","title":{"rendered":"A propos de"},"content":{"rendered":"\t\t<div data-elementor-type=\"wp-page\" data-elementor-id=\"794\" class=\"elementor elementor-794 elementor-103\" data-elementor-post-type=\"page\">\n\t\t\t\t\t\t<section class=\"elementor-section elementor-top-section elementor-element elementor-element-422171c6 elementor-section-height-min-height elementor-section-boxed elementor-section-height-default elementor-section-items-middle\" data-id=\"422171c6\" data-element_type=\"section\" data-e-type=\"section\" data-settings=\"{&quot;background_background&quot;:&quot;classic&quot;}\">\n\t\t\t\t\t\t<div class=\"elementor-container elementor-column-gap-default\">\n\t\t\t\t\t<div class=\"elementor-column elementor-col-100 elementor-top-column elementor-element elementor-element-2843dac5\" data-id=\"2843dac5\" data-element_type=\"column\" data-e-type=\"column\">\n\t\t\t<div class=\"elementor-widget-wrap elementor-element-populated\">\n\t\t\t\t\t\t<div class=\"elementor-element elementor-element-203e52a2 elementor-widget elementor-widget-heading\" data-id=\"203e52a2\" data-element_type=\"widget\" data-e-type=\"widget\" data-widget_type=\"heading.default\">\n\t\t\t\t<div class=\"elementor-widget-container\">\n\t\t\t\t\t<h5 class=\"elementor-heading-title elementor-size-default\">\u00c0 propos de nous<\/h5>\t\t\t\t<\/div>\n\t\t\t\t<\/div>\n\t\t\t\t<div class=\"elementor-element elementor-element-6d1e209 elementor-widget elementor-widget-image\" data-id=\"6d1e209\" data-element_type=\"widget\" data-e-type=\"widget\" data-widget_type=\"image.default\">\n\t\t\t\t<div class=\"elementor-widget-container\">\n\t\t\t\t\t\t\t\t\t\t\t\t\t\t\t<img fetchpriority=\"high\" decoding=\"async\" width=\"300\" height=\"264\" src=\"https:\/\/shop.paulettesauve.com\/wp-content\/uploads\/2023\/09\/Paulette-Marie-Sauve-2020-08-05-082A7928-300x264.jpg\" class=\"attachment-medium size-medium wp-image-714\" alt=\"Paulette-Marie Sauv\u00e9 Portrait d\u2019artiste\" srcset=\"https:\/\/shop.paulettesauve.com\/wp-content\/uploads\/2023\/09\/Paulette-Marie-Sauve-2020-08-05-082A7928-300x264.jpg 300w, https:\/\/shop.paulettesauve.com\/wp-content\/uploads\/2023\/09\/Paulette-Marie-Sauve-2020-08-05-082A7928-600x529.jpg 600w, https:\/\/shop.paulettesauve.com\/wp-content\/uploads\/2023\/09\/Paulette-Marie-Sauve-2020-08-05-082A7928-768x677.jpg 768w, https:\/\/shop.paulettesauve.com\/wp-content\/uploads\/2023\/09\/Paulette-Marie-Sauve-2020-08-05-082A7928.jpg 1000w\" sizes=\"(max-width: 300px) 100vw, 300px\" \/>\t\t\t\t\t\t\t\t\t\t\t\t\t\t\t<\/div>\n\t\t\t\t<\/div>\n\t\t\t\t\t<\/div>\n\t\t<\/div>\n\t\t\t\t\t<\/div>\n\t\t<\/section>\n\t\t\t\t<section class=\"elementor-section elementor-top-section elementor-element elementor-element-43ff34ac elementor-section-height-min-height elementor-section-items-stretch elementor-section-boxed elementor-section-height-default\" data-id=\"43ff34ac\" data-element_type=\"section\" data-e-type=\"section\">\n\t\t\t\t\t\t<div class=\"elementor-container elementor-column-gap-default\">\n\t\t\t\t\t<div class=\"elementor-column elementor-col-100 elementor-top-column elementor-element elementor-element-2318e3d\" data-id=\"2318e3d\" data-element_type=\"column\" data-e-type=\"column\">\n\t\t\t<div class=\"elementor-widget-wrap elementor-element-populated\">\n\t\t\t\t\t\t<div class=\"elementor-element elementor-element-caa5990 elementor-widget elementor-widget-heading\" data-id=\"caa5990\" data-element_type=\"widget\" data-e-type=\"widget\" data-widget_type=\"heading.default\">\n\t\t\t\t<div class=\"elementor-widget-container\">\n\t\t\t\t\t<h2 class=\"elementor-heading-title elementor-size-default\">A propos de Paulette-Marie Sauv\u00e9, m.f.a., peintre, \u00e9crivain, lissier de tapisserie<\/h2>\t\t\t\t<\/div>\n\t\t\t\t<\/div>\n\t\t\t\t<div class=\"elementor-element elementor-element-60bdc20c elementor-widget elementor-widget-text-editor\" data-id=\"60bdc20c\" data-element_type=\"widget\" data-e-type=\"widget\" data-widget_type=\"text-editor.default\">\n\t\t\t\t<div class=\"elementor-widget-container\">\n\t\t\t\t\t\t\t\t\t<h4 style=\"text-align: center;\"><strong><span style=\"color: #333399;\">N\u00e9e \u00e0 North Bay, en Ontario, Paulette-Marie Sauv\u00e9 a install\u00e9 son atelier \u00e0 Montr\u00e9al.\u00a0 Elle est titulaire d&rsquo;une ma\u00eetrise en arts visuels de l&rsquo;Universit\u00e9 du Qu\u00e9bec \u00e0 Tiohti\u00e0:ke \/ Montr\u00e9al. Elle a une pratique artistique multidisciplinaire avec le tissage sur m\u00e9tier \u00e0 tapisserie, sur m\u00e9tier TC2 Jacquard, la peinture, la s\u00e9riegraphie sur textiles, la vid\u00e9o et la programmation de micro controleurs.<br \/>\u00a0<\/span><\/strong><\/h4><h4 style=\"text-align: center;\"><strong><span style=\"color: #333399;\"> L\u2019artiste expose ses \u0153uvres dans des mus\u00e9es, des collections corporatives et priv\u00e9es dans plusieurs pays.<\/span><\/strong><\/h4><h4 style=\"text-align: center;\"><strong><span style=\"color: #333399;\">Dans les ann\u00e9es 1970, elle \u00e9tudie \u00e0 l\u2019Institut des Arts appliqu\u00e9s de Montr\u00e9al et, en 1974, elle obtient un voyage en France parrain\u00e9 par le gouvernement, qui comprend des visites d\u2019ateliers de tapisserie et des rencontres avec des sp\u00e9cialistes des teintures anciennes, notamment \u00e0 la Manufacture des Gobelins \u00e0 Paris. Cela l\u2019a inspir\u00e9e \u00e0 tisser sur un m\u00e9tier \u00e0 tisser de style Gobelins \u00e0 haute cha\u00eene, et aussi \u00e0 \u00e9crire deux livres, l\u2019un sur l\u2019art de cr\u00e9er avec des colorants naturels et l\u2019autre sur le filage d\u2019une vari\u00e9t\u00e9 de fibres, tous deux publi\u00e9s en 1977. <\/span><\/strong><\/h4><h4 style=\"text-align: left;\"><strong><span style=\"color: #333399;\">Sauv\u00e9 a re\u00e7u des subventions du Conseil des arts du Canada et du minist\u00e8re des Affaires culturelles du Qu\u00e9bec. En 1978, 1979 et 1984, son travail a \u00e9t\u00e9 expos\u00e9 au Mus\u00e9e d&rsquo;art contemporain de Montr\u00e9al. Elle expose ses \u0153uvres et donne des s\u00e9minaires, des conf\u00e9rences et des ateliers dans plusieurs pays. Elle cr\u00e9e \u00e9galement des tapisseries et des peintures sur commande, et ses \u0153uvres se retrouvent dans des collections priv\u00e9es et d\u2019entreprises. <\/span><\/strong><\/h4><h4 style=\"text-align: left;\"><strong><span style=\"color: #333399;\">En 1984, Sauv\u00e9 a \u00e9t\u00e9 charg\u00e9 de tisser un triptyque de tapisserie de plus de 400 pieds carr\u00e9s pour Cadillac Fairview \u00e0 Toronto, au Canada. En 2021, le Mus\u00e9e des m\u00e9tiers d\u2019art du Qu\u00e9bec \u00e0 Montr\u00e9al (MUMAQ) a organis\u00e9 une exposition solo c\u00e9l\u00e9brant plus de 45 ans de tapisseries de Sauv\u00e9. Le MUMAQ a \u00e9galement cr\u00e9\u00e9 une visite virtuelle de l\u2019ensemble de son exposition qui est pr\u00e9sent\u00e9e sur leur site web, et ils ont cr\u00e9\u00e9 3 vid\u00e9os d\u2019entrevues sur son travail. En 2023, le Mus\u00e9e des beaux-arts de Sherbrooke, Qu\u00e9bec (MBAS) a tenu une exposition solo c\u00e9l\u00e9brant 50 ans de tapisseries de Sauv\u00e9. Une vid\u00e9o a \u00e9t\u00e9 film\u00e9e avec le conservateur du mus\u00e9e qui fait une visite guid\u00e9e de l\u2019exposition de Sauv\u00e9. <\/span><\/strong><\/h4><h4 style=\"text-align: left;\"><strong><span style=\"color: #333399;\">Les photos ci-dessous montrent le triptyque de tapisserie cr\u00e9\u00e9 en 1984 et install\u00e9 en 1985, par Paulette-Marie Sauv\u00e9 pour Cadillac Fairview. La premi\u00e8re photo montre le triptyque de tapisseries &#8211; de la rue \u00e0 l&rsquo;ext\u00e9rieur du b\u00e2timent :<\/span><\/strong><\/h4><figure id=\"attachment_747\" aria-describedby=\"caption-attachment-747\" style=\"width: 300px\" class=\"wp-caption alignnone\"><img decoding=\"async\" class=\"size-medium wp-image-438\" src=\"https:\/\/shop.paulettesauve.com\/wp-content\/uploads\/2023\/09\/20.03-Scan180726-b-600-dpi0003-MARAIS-IRISE-TORONTO-BANK-OUTDOOR-VIEW-1C-for-book-300-dpi-300x143.jpg\" alt=\"MARAIS-IRISE-TORONTO-BANK_Cadillac Fairview\" width=\"300\" height=\"143\" srcset=\"https:\/\/shop.paulettesauve.com\/wp-content\/uploads\/2023\/09\/20.03-Scan180726-b-600-dpi0003-MARAIS-IRISE-TORONTO-BANK-OUTDOOR-VIEW-1C-for-book-300-dpi-300x143.jpg 300w, https:\/\/shop.paulettesauve.com\/wp-content\/uploads\/2023\/09\/20.03-Scan180726-b-600-dpi0003-MARAIS-IRISE-TORONTO-BANK-OUTDOOR-VIEW-1C-for-book-300-dpi-1024x488.jpg 1024w, https:\/\/shop.paulettesauve.com\/wp-content\/uploads\/2023\/09\/20.03-Scan180726-b-600-dpi0003-MARAIS-IRISE-TORONTO-BANK-OUTDOOR-VIEW-1C-for-book-300-dpi-768x366.jpg 768w, https:\/\/shop.paulettesauve.com\/wp-content\/uploads\/2023\/09\/20.03-Scan180726-b-600-dpi0003-MARAIS-IRISE-TORONTO-BANK-OUTDOOR-VIEW-1C-for-book-300-dpi-1536x732.jpg 1536w, https:\/\/shop.paulettesauve.com\/wp-content\/uploads\/2023\/09\/20.03-Scan180726-b-600-dpi0003-MARAIS-IRISE-TORONTO-BANK-OUTDOOR-VIEW-1C-for-book-300-dpi-1320x629.jpg 1320w, https:\/\/shop.paulettesauve.com\/wp-content\/uploads\/2023\/09\/20.03-Scan180726-b-600-dpi0003-MARAIS-IRISE-TORONTO-BANK-OUTDOOR-VIEW-1C-for-book-300-dpi-600x286.jpg 600w, https:\/\/shop.paulettesauve.com\/wp-content\/uploads\/2023\/09\/20.03-Scan180726-b-600-dpi0003-MARAIS-IRISE-TORONTO-BANK-OUTDOOR-VIEW-1C-for-book-300-dpi.jpg 1986w\" sizes=\"(max-width: 300px) 100vw, 300px\" \/><figcaption id=\"caption-attachment-747\" class=\"wp-caption-text\"><strong><span style=\"color: #333399;\">IRIDESCENT MARSH, triptyque de tapisserie cr\u00e9\u00e9 pour Cadillac Fairview en 1984<\/span><\/strong><\/figcaption><\/figure><p><strong><span style=\"color: #333399;\">La photo ci-dessous montre le triptyque de tapisseries &#8211; \u00e0 l&rsquo;int\u00e9rieur du b\u00e2timent :<\/span><\/strong><\/p><figure id=\"attachment_748\" aria-describedby=\"caption-attachment-748\" style=\"width: 300px\" class=\"wp-caption alignnone\"><img decoding=\"async\" class=\"size-medium wp-image-439\" src=\"https:\/\/shop.paulettesauve.com\/wp-content\/uploads\/2023\/09\/20-01-IRIDESCENT-MARSH-TRIPTYCH2B-e-300x200.jpg\" alt=\"IRIDESCENT-MARSH, triptyque de tapisserie r\u00e9alis\u00e9 en 1984 pour Cadillac Fairview\" width=\"300\" height=\"200\" srcset=\"https:\/\/shop.paulettesauve.com\/wp-content\/uploads\/2023\/09\/20-01-IRIDESCENT-MARSH-TRIPTYCH2B-e-300x200.jpg 300w, https:\/\/shop.paulettesauve.com\/wp-content\/uploads\/2023\/09\/20-01-IRIDESCENT-MARSH-TRIPTYCH2B-e-1024x682.jpg 1024w, https:\/\/shop.paulettesauve.com\/wp-content\/uploads\/2023\/09\/20-01-IRIDESCENT-MARSH-TRIPTYCH2B-e-768x511.jpg 768w, https:\/\/shop.paulettesauve.com\/wp-content\/uploads\/2023\/09\/20-01-IRIDESCENT-MARSH-TRIPTYCH2B-e-600x400.jpg 600w, https:\/\/shop.paulettesauve.com\/wp-content\/uploads\/2023\/09\/20-01-IRIDESCENT-MARSH-TRIPTYCH2B-e.jpg 1200w\" sizes=\"(max-width: 300px) 100vw, 300px\" \/><figcaption id=\"caption-attachment-748\" class=\"wp-caption-text\"><strong><span style=\"color: #333399;\">IRIDESCENT-MARSH, triptyque de tapisserie r\u00e9alis\u00e9 en 1984 pour Cadillac Fairview<\/span><\/strong><\/figcaption><\/figure><h6>\u00a0<\/h6><h3><strong>REVUE DE PRESSE<\/strong><\/h3><h3>Paulette-Marie Sauv\u00e9 dans Le Devoir :<\/h3><h3>Des artistes de la Mont\u00e9r\u00e9gie honor\u00e9es<\/h3><h3>La soir\u00e9e de la 22e \u00e9dition des prix en arts et culture de la Mont\u00e9r\u00e9gie s\u2019est tenue le 14 mai dernier.<br \/>Publi\u00e9 le 18 mai 2024 | Roxanne B\u00e9lair | Culture<\/h3><h3><a href=\"https:\/\/www.ledevoir.com\/culture\/813150\/artistes-monteregie-honorees?\">https:\/\/www.ledevoir.com\/culture\/813150\/artistes-monteregie-honorees?<\/a><\/h3><h4>\u00a0:<\/h4><h4 style=\"text-align: center;\"><img loading=\"lazy\" decoding=\"async\" width=\"269\" height=\"300\" class=\"size-medium wp-image-6419 aligncenter\" src=\"https:\/\/shop.paulettesauve.com\/wp-content\/uploads\/2024\/06\/Paulette-Marie-Sauve_Journal-LE-DEVOIR_-CULTURE-MONTEREGIE-2024-05-18-web2-269x300.jpg\" alt=\"&quot;{&quot;type&quot;:&quot;elementor&quot;,&quot;siteurl&quot;:&quot;https:\/\/shop.paulettesauve.com\/wp-json\/&quot;,&quot;elements&quot;:[{&quot;id&quot;:&quot;60bdc20c&quot;,&quot;elType&quot;:&quot;widget&quot;,&quot;isInner&quot;:false,&quot;isLocked&quot;:false,&quot;settings&quot;:{&quot;editor&quot;:&quot;&lt;p\" srcset=\"https:\/\/shop.paulettesauve.com\/wp-content\/uploads\/2024\/06\/Paulette-Marie-Sauve_Journal-LE-DEVOIR_-CULTURE-MONTEREGIE-2024-05-18-web2-269x300.jpg 269w, https:\/\/shop.paulettesauve.com\/wp-content\/uploads\/2024\/06\/Paulette-Marie-Sauve_Journal-LE-DEVOIR_-CULTURE-MONTEREGIE-2024-05-18-web2-918x1024.jpg 918w, https:\/\/shop.paulettesauve.com\/wp-content\/uploads\/2024\/06\/Paulette-Marie-Sauve_Journal-LE-DEVOIR_-CULTURE-MONTEREGIE-2024-05-18-web2-768x857.jpg 768w, https:\/\/shop.paulettesauve.com\/wp-content\/uploads\/2024\/06\/Paulette-Marie-Sauve_Journal-LE-DEVOIR_-CULTURE-MONTEREGIE-2024-05-18-web2-1377x1536.jpg 1377w, https:\/\/shop.paulettesauve.com\/wp-content\/uploads\/2024\/06\/Paulette-Marie-Sauve_Journal-LE-DEVOIR_-CULTURE-MONTEREGIE-2024-05-18-web2-1836x2048.jpg 1836w, https:\/\/shop.paulettesauve.com\/wp-content\/uploads\/2024\/06\/Paulette-Marie-Sauve_Journal-LE-DEVOIR_-CULTURE-MONTEREGIE-2024-05-18-web2-600x669.jpg 600w\" sizes=\"(max-width: 269px) 100vw, 269px\" \/><\/h4><h4><strong>\u00a0<\/strong><\/h4><h3><strong>Laur\u00e9ate du\u00a0<\/strong><strong>Grand Prix num\u00e9rique TVRS-Culture Mont\u00e9r\u00e9gie :\u00a0<\/strong><\/h3><h4><strong>Paulette Marie Sauv\u00e9 a m\u00e9rit\u00e9 le \u00ab Grand Prix num\u00e9rique TVRS-Culture Mont\u00e9r\u00e9gie \u00bb. Elle a re\u00e7u son prix des mains du directeur g\u00e9n\u00e9ral de TVRS Sylvain Casavant, pour son\u00a0<\/strong><strong>\u0153uvre\u00a0<\/strong><strong>num\u00e9rique<\/strong><strong> \u00ab\u00a0<\/strong><strong> Vibrations sur fibres 23&Prime;\u00a0 :<\/strong><\/h4><h4 style=\"text-align: center;\"><strong>Vid\u00e9o film\u00e9 au Mus\u00e9e des beaux-arts de Sherbrooke\u00a0<\/strong><strong>de l&rsquo;exposition \u00ab\u00a0<\/strong><strong>Vibrations sur fibres 23, R\u00e9trospective <\/strong><strong>de\u00a0<\/strong><strong>Paulette-Marie Sauve\u00a0\u00bb :\u00a0 <\/strong><strong>La conservatrice du Mus\u00e9e des beaux-arts de Sherbrooke, Fr\u00e9d\u00e9rique Renaud, pr\u00e9sente l&rsquo;exposition en art textile de Paulette-Marie Sauve, et l&rsquo;artiste est film\u00e9e dans son atelier.<\/strong><br \/><strong>Video film\u00e9 par Marc Lamontagne :<\/strong><\/h4><h4><a href=\"https:\/\/mbas.qc.ca\/paulette-marie-sauve-vibrations-sur-fibres-23\/\">https:\/\/mbas.qc.ca\/paulette-marie-sauve-vibrations-sur-fibres-23\/<\/a><\/h4><h4>&#8212;&#8212;&#8212;&#8212;&#8211;<\/h4><h4><strong>2023<\/strong><\/h4><h4><strong>ORNAMENTUM<\/strong><br \/><strong>Paulette-Marie Sauv\u00e9 : Interview with the artist:<\/strong><br \/><strong><a href=\"\\&quot;https:\/\/www.ornamentum.ca\/post\/paulette-marie-sauv\u00e9\\&quot;\">https:\/\/www.ornamentum.ca\/post\/paulette-marie-sauv\u00e9<\/a><\/strong><\/h4><h4><strong>Medium: Tapestry, Location: Montreal, Quebec<\/strong><br \/><strong>Paulette describes her work <\/strong><br \/><strong>&#8212;&#8212;&#8212;&#8212;&#8211;<\/strong><\/h4><h4><strong>2023<br \/><\/strong><\/h4><h4><strong>VIE DES ARTS<\/strong><br \/><strong>Vibration sur Fibres 23. Une r\u00e9trospective des \u0153uvres de Paulette-Marie Sauv\u00e9 \u2013 Exposition<\/strong><br \/><strong><a href=\"\\&quot;https:\/\/viedesarts.com\/evenements\/vibrations-sur-fibres-23-une-retrospective-des-oeuvres-de-paulette-marie-sauve\/\\&quot;\">https:\/\/viedesarts.com\/evenements\/vibrations-sur-fibres-23-une-retrospective-des-oeuvres-de-paulette-marie-sauve\/<\/a><\/strong><\/h4><h4><strong>&#8212;&#8212;&#8212;&#8212;&#8212;&#8212;&#8211;<\/strong><\/h4><h4><strong>2021<\/strong><\/h4><h4><strong>REPORTAGE JOURNAL LE DEVOIR:<\/strong><br \/><strong>\\\u00a0\u00bbDerri\u00e8re les portes des mus\u00e9es de la m\u00e9tropole\\\u00a0\u00bb, 15 mai, 2021, par Marie P\u00e2ris:<\/strong><\/h4><h4><strong><a href=\"\\&quot;https:\/\/www.ledevoir.com\/culture\/arts-visuels\/600614\/derriere-les-portes-des-musees-de-la-metropole?\\&quot;\">https:\/\/www.ledevoir.com\/culture\/arts-visuels\/600614\/derriere-les-portes-des-musees-de-la-metropole?<\/a><\/strong><\/h4><h4><strong>&#8212;&#8212;&#8212;&#8212;&#8212;&#8212;&#8212;&#8211;<\/strong><\/h4><h4><strong>VID\u00c9O: 2021<\/strong><br \/><strong>Confidences sur fibres avec Paulette-Marie Sauv\u00e9 anim\u00e9e par Mireille Lacombe &#8211; May 27, 2021, Mus\u00e9e des m\u00e9tiers d&rsquo;art du Qu\u00e9bec<\/strong><br \/><strong>Responsable de l\u2019action \u00e9ducative et culturelle<\/strong><br \/><strong><a href=\"\\&quot;https:\/\/www.youtube.com\/watch?v=9QVz5paJPLc\\&quot;\">https:\/\/www.youtube.com\/watch?v=9QVz5paJPLc<\/a><\/strong><\/h4><h4><strong>Dans le cadre des conf\u00e9rences du MUMAQ, d\u00e9couvrez l\u2019artiste tisserande Paulette-Marie Sauv\u00e9 comme jamais auparavant. Dans cet entretien in\u00e9dit, l\u2019artiste r\u00e9pond aux questions du public sur son exposition Vibrations sur fibres 21: R\u00e9trospective Paulette Marie Sauv\u00e9 pr\u00e9sent\u00e9e au mus\u00e9e jusqu\u2019au 20 juin.<\/strong><br \/><strong>Une entrevue intime, qui retrace plus de 45 ans de carri\u00e8re et nous en apprend plus sur la vie et l&rsquo;oeuvre d&rsquo;une artiste inspirante.<\/strong><\/h4><h4><strong>&#8212;&#8212;&#8212;&#8212;&#8212;&#8211;<\/strong><br \/><strong>VID\u00c9O:<\/strong><br \/><strong>Entrevue avec Fran\u00e7oise Cloutier, commissaire de l&rsquo;exposition<\/strong><br \/><strong>Apr 19, 2021<\/strong><br \/><strong>Mus\u00e9e des m\u00e9tiers d&rsquo;art du Qu\u00e9bec<\/strong><br \/><strong><a href=\"\\&quot;https:\/\/www.youtube.com\/watch?v=k_B1cRhoyAs\\&quot;\">https:\/\/www.youtube.com\/watch?v=k_B1cRhoyAs<\/a><\/strong><br \/><strong>&#8212;&#8212;&#8212;&#8212;&#8212;&#8212;&#8212;&#8212;&#8212;-<\/strong><\/h4><h4><strong>VID\u00c9O:<\/strong><br \/><strong>Entrevue d&rsquo;introduction au travail de Paulette-Marie Sauv\u00e9.<\/strong><br \/><strong>Introduction &#8211; Apr 19, 2021<\/strong><br \/><strong>Mus\u00e9e des m\u00e9tiers d&rsquo;art du Qu\u00e9bec<\/strong><br \/><strong><a href=\"\\&quot;https:\/\/www.youtube.com\/watch?v=q3Tunj4WcJI&amp;t=7s\\&quot;\">https:\/\/www.youtube.com\/watch?v=q3Tunj4WcJI&amp;t=7s<\/a><\/strong><br \/><strong>&#8212;&#8212;&#8212;&#8212;&#8212;&#8212;&#8212;-<\/strong><br \/><strong>VID\u00c9O:<\/strong><br \/><strong>Nouvelles technologies<\/strong><br \/><strong>Apr 19, 2021<\/strong><br \/><strong>Mus\u00e9e des m\u00e9tiers d&rsquo;art du Qu\u00e9bec<\/strong><br \/><strong><a href=\"\\&quot;https:\/\/www.youtube.com\/watch?v=qPQbMAgRmLA\\&quot;\">https:\/\/www.youtube.com\/watch?v=qPQbMAgRmLA<\/a><\/strong><br \/><strong>&#8212;&#8212;&#8212;&#8212;&#8212;&#8212;&#8212;&#8212;&#8212;&#8212;&#8212;&#8212;<\/strong><\/h4><h4><strong>VID\u00c9O:<\/strong><br \/><strong>Higher vision \/ Au-Del\u00e0<\/strong><br \/><strong>Apr 19, 2021 &#8211; Mus\u00e9e des m\u00e9tiers d&rsquo;art du Qu\u00e9bec<\/strong><br \/><strong>1 minute 12 secondes :<\/strong><br \/><strong><a href=\"\\&quot;https:\/\/www.youtube.com\/watch?v=bvtroGd_OLM\\&quot;\">https:\/\/www.youtube.com\/watch?v=bvtroGd_OLM<\/a><\/strong><\/h4><h4><strong>&#8212;&#8212;&#8212;&#8212;&#8212;&#8212;&#8212;&#8212;&#8212;&#8212;&#8212;&#8212;<\/strong><br \/><strong>VID\u00c9O:<\/strong><br \/><strong>Mutation, une oeuvre qui voyage<\/strong><br \/><strong>Apr 19, 2021<\/strong><br \/><strong>Mus\u00e9e des m\u00e9tiers d&rsquo;art du Qu\u00e9bec<\/strong><br \/><strong><a href=\"\\&quot;https:\/\/www.youtube.com\/watch?v=ciQbaqF3f8E\\&quot;\">https:\/\/www.youtube.com\/watch?v=ciQbaqF3f8E<\/a><\/strong><br \/><strong>&#8212;&#8212;&#8212;&#8212;&#8212;&#8212;&#8212;&#8212;&#8212;&#8212;-<\/strong><br \/><strong>VID\u00c9O:<\/strong><br \/><strong>Vernissage virtuel de l&rsquo;exposition Vibrations sur fibres 21: R\u00e9trospective Paulette-Marie Sauv\u00e9<\/strong><br \/><strong>Apr 22, 2021<\/strong><br \/><strong>Mus\u00e9e des m\u00e9tiers d&rsquo;art du Qu\u00e9bec<\/strong><br \/><strong>Enregistrement du 15 avril 2021.<\/strong><br \/><strong><a href=\"\\&quot;https:\/\/www.youtube.com\/watch?v=ldfJTX7CDpY\\&quot;\">https:\/\/www.youtube.com\/watch?v=ldfJTX7CDpY<\/a><\/strong><br \/><strong>&#8212;&#8212;&#8212;&#8212;&#8212;&#8212;&#8212;-<\/strong><\/h4><h4>REPORTAGE :<br \/><strong>Site web de: Le Contrecourant.com 2021\/04\/13<\/strong><br \/><strong>Le MUMAQ pr\u00e9sente une r\u00e9trospective de la Calixoise d\u2019adoption, Paulette-Marie Sauv\u00e9<\/strong><br \/><strong>https:\/\/lecontrecourant.ca\/2021\/04\/13\/mumaq-presente-retrospective-de-calixoise-dadoption-paulette-marie-sauve\/<\/strong><br \/><strong>Le MUMAQ pr\u00e9sente une r\u00e9trospective de la Calixoise d\u2019adoption, Paulette-Marie Sauv\u00e9<\/strong><\/h4><h4><strong>&#8212;&#8212;&#8212;&#8212;&#8212;&#8212;&#8211;<\/strong><br \/>ORNAMENTUM<br \/><strong>Paulette-Marie Sauv\u00e9 : Entrevue en anglais<\/strong><br \/><a href=\"https:\/\/www.ornamentum.ca\/post\/paulette-marie-sauv\u00e9\"><strong>https:\/\/www.ornamentum.ca\/post\/paulette-marie-sauv\u00e9<\/strong><\/a><\/h4><h4><strong>Medium: Tapestry, Location: Montr\u00e9al, Qu\u00e9bec, Website: www.paulettesauve.com<\/strong><br \/><strong>How would you describe your work? <\/strong><br \/><strong>&#8212;&#8212;&#8212;&#8212;&#8211;<\/strong><\/h4><h4><strong>&#8212;&#8212;&#8212;&#8211;<\/strong><\/h4><h4><strong>VID\u00c9O:<\/strong><br \/><strong>Confidences sur fibres avec Paulette-Marie Sauv\u00e9 anim\u00e9e par Mireille Lacombe<\/strong><br \/><strong>Responsable de l\u2019action \u00e9ducative et culturelle<\/strong><br \/><a href=\"https:\/\/www.youtube.com\/watch?v=9QVz5paJPLc\"><strong>https:\/\/www.youtube.com\/watch?v=9QVz5paJPLc<\/strong><\/a><br \/><strong>May 27, 2021<\/strong><br \/><strong>Mus\u00e9e des m\u00e9tiers d&rsquo;art du Qu\u00e9bec<\/strong><br \/><strong>Dans le cadre des conf\u00e9rences du MUMAQ, d\u00e9couvrez l\u2019artiste tisserande Paulette-Marie Sauv\u00e9 comme jamais auparavant. Dans cet entretien in\u00e9dit, l\u2019artiste r\u00e9pond aux questions du public sur son exposition Vibrations sur fibres 21: R\u00e9trospective Paulette Marie Sauv\u00e9 pr\u00e9sent\u00e9e au mus\u00e9e jusqu\u2019au 20 juin.<\/strong><br \/><strong>Une entrevue intime, qui retrace plus de 45 ans de carri\u00e8re et nous en apprend plus sur la vie et l&rsquo;oeuvre d&rsquo;une artiste inspirante.<\/strong><br \/><strong>&#8212;&#8212;&#8212;&#8212;&#8212;&#8211;<\/strong><br \/><strong>VID\u00c9O:<\/strong><br \/><strong>Entrevue avec Fran\u00e7oise Cloutier, commissaire de l&rsquo;exposition<\/strong><br \/><strong>Apr 19, 2021<\/strong><br \/><strong>Mus\u00e9e des m\u00e9tiers d&rsquo;art du Qu\u00e9bec<\/strong><br \/><a href=\"https:\/\/www.youtube.com\/watch?v=k_B1cRhoyAs\"><strong>https:\/\/www.youtube.com\/watch?v=k_B1cRhoyAs<\/strong><\/a><br \/><strong>&#8212;&#8212;&#8212;&#8212;&#8212;&#8212;&#8212;&#8212;&#8212;-<\/strong><\/h4><h4><strong>VID\u00c9O:<\/strong><br \/><strong>Entrevue d&rsquo;introduction au travail de Paulette-Marie Sauv\u00e9.<\/strong><br \/><strong>Introduction &#8211; Apr 19, 2021<\/strong><br \/><strong>Mus\u00e9e des m\u00e9tiers d&rsquo;art du Qu\u00e9bec<\/strong><br \/><a href=\"https:\/\/www.youtube.com\/watch?v=q3Tunj4WcJI&amp;t=7s\"><strong>https:\/\/www.youtube.com\/watch?v=q3Tunj4WcJI&amp;t=7s<\/strong><\/a><br \/><strong>&#8212;&#8212;&#8212;&#8212;&#8212;&#8212;&#8212;-<\/strong><br \/><strong>VID\u00c9O:<\/strong><br \/><strong>Nouvelles technologies<\/strong><br \/><strong>Apr 19, 2021<\/strong><br \/><strong>Mus\u00e9e des m\u00e9tiers d&rsquo;art du Qu\u00e9bec<\/strong><br \/><a href=\"https:\/\/www.youtube.com\/watch?v=qPQbMAgRmLA\"><strong>https:\/\/www.youtube.com\/watch?v=qPQbMAgRmLA<\/strong><\/a><br \/><strong>&#8212;&#8212;&#8212;&#8212;&#8212;&#8212;&#8212;&#8212;&#8212;&#8212;&#8212;&#8212;<\/strong><\/h4><h4><strong>VID\u00c9O:<\/strong><br \/><strong>Higher vision \/ Au-Del\u00e0<\/strong><br \/><strong>Apr 19, 2021 &#8211; Mus\u00e9e des m\u00e9tiers d&rsquo;art du Qu\u00e9bec<\/strong><br \/><strong>1 minute 12 secondes :<\/strong><br \/><a href=\"https:\/\/www.youtube.com\/watch?v=bvtroGd_OLM\"><strong>https:\/\/www.youtube.com\/watch?v=bvtroGd_OLM<\/strong><\/a><\/h4><h4><strong>&#8212;&#8212;&#8212;&#8212;&#8212;&#8212;&#8212;&#8212;&#8212;&#8212;&#8212;&#8212;<\/strong><br \/><strong>VID\u00c9O:<\/strong><br \/><strong>Mutation, une oeuvre qui voyage<\/strong><br \/><strong>Apr 19, 2021<\/strong><br \/><strong>Mus\u00e9e des m\u00e9tiers d&rsquo;art du Qu\u00e9bec<\/strong><br \/><a href=\"https:\/\/www.youtube.com\/watch?v=ciQbaqF3f8E\"><strong>https:\/\/www.youtube.com\/watch?v=ciQbaqF3f8E<\/strong><\/a><br \/><strong>&#8212;&#8212;&#8212;&#8212;&#8212;&#8212;&#8212;&#8212;&#8212;&#8212;-<\/strong><br \/><strong>VID\u00c9O:<\/strong><br \/><strong>Vernissage virtuel de l&rsquo;exposition Vibrations sur fibres 21: R\u00e9trospective Paulette-Marie Sauv\u00e9<\/strong><br \/><strong>Apr 22, 2021<\/strong><br \/><strong>Mus\u00e9e des m\u00e9tiers d&rsquo;art du Qu\u00e9bec<\/strong><br \/><strong>Enregistrement du 15 avril 2021.<\/strong><br \/><a href=\"https:\/\/www.youtube.com\/watch?v=ldfJTX7CDpY\"><strong>https:\/\/www.youtube.com\/watch?v=ldfJTX7CDpY<\/strong><\/a><br \/><strong>&#8212;&#8212;&#8212;&#8212;&#8212;&#8212;&#8212;-<\/strong><\/h4><h4><strong>REPORTAGE :<\/strong><br \/><strong>Site web de: Le Contrecourant.com 2021\/04\/13<\/strong><br \/><strong>Le MUMAQ pr\u00e9sente une r\u00e9trospective de la Calixoise d\u2019adoption, Paulette-Marie Sauv\u00e9<\/strong><br \/><a href=\"https:\/\/lecontrecourant.ca\/2021\/04\/13\/mumaq-presente-retrospective-de-calixoise-dadoption-paulette-marie-sauve\/\"><strong>https:\/\/lecontrecourant.ca\/2021\/04\/13\/mumaq-presente-retrospective-de-calixoise-dadoption-paulette-marie-sauve\/<\/strong><\/a><br \/><strong>Le MUMAQ pr\u00e9sente une r\u00e9trospective de la Calixoise d\u2019adoption, Paulette-Marie Sauv\u00e9<\/strong><\/h4><h4><strong><span style=\"color: #333399;\">Vous trouverez plus de d\u00e9tails sur ses \u0153uvres, ses expositions et sa couverture m\u00e9diatique ici :<\/span> <a href=\"https:\/\/www.paulettesauve.com\">https:\/\/www.paulettesauve.com<\/a><\/strong><\/h4>\t\t\t\t\t\t\t\t<\/div>\n\t\t\t\t<\/div>\n\t\t\t\t\t<\/div>\n\t\t<\/div>\n\t\t\t\t\t<\/div>\n\t\t<\/section>\n\t\t\t\t<\/div>\n\t\t","protected":false},"excerpt":{"rendered":"<p>\u00c0 propos de nous A propos de Paulette-Marie Sauv\u00e9, m.f.a., peintre, \u00e9crivain, lissier de tapisserie N\u00e9e \u00e0 North Bay, en Ontario, Paulette-Marie Sauv\u00e9 a install\u00e9 son atelier \u00e0 Montr\u00e9al.\u00a0 Elle est titulaire d&rsquo;une ma\u00eetrise en arts visuels de l&rsquo;Universit\u00e9 du Qu\u00e9bec \u00e0 Tiohti\u00e0:ke \/ Montr\u00e9al. Elle a une pratique artistique multidisciplinaire avec le tissage sur [&hellip;]<\/p>\n","protected":false},"author":1,"featured_media":0,"parent":0,"menu_order":0,"comment_status":"closed","ping_status":"closed","template":"elementor_header_footer","meta":{"footnotes":""},"class_list":["post-794","page","type-page","status-publish","hentry"],"jetpack_sharing_enabled":true,"_links":{"self":[{"href":"https:\/\/shop.paulettesauve.com\/fr\/wp-json\/wp\/v2\/pages\/794","targetHints":{"allow":["GET"]}}],"collection":[{"href":"https:\/\/shop.paulettesauve.com\/fr\/wp-json\/wp\/v2\/pages"}],"about":[{"href":"https:\/\/shop.paulettesauve.com\/fr\/wp-json\/wp\/v2\/types\/page"}],"author":[{"embeddable":true,"href":"https:\/\/shop.paulettesauve.com\/fr\/wp-json\/wp\/v2\/users\/1"}],"replies":[{"embeddable":true,"href":"https:\/\/shop.paulettesauve.com\/fr\/wp-json\/wp\/v2\/comments?post=794"}],"version-history":[{"count":77,"href":"https:\/\/shop.paulettesauve.com\/fr\/wp-json\/wp\/v2\/pages\/794\/revisions"}],"predecessor-version":[{"id":8063,"href":"https:\/\/shop.paulettesauve.com\/fr\/wp-json\/wp\/v2\/pages\/794\/revisions\/8063"}],"wp:attachment":[{"href":"https:\/\/shop.paulettesauve.com\/fr\/wp-json\/wp\/v2\/media?parent=794"}],"curies":[{"name":"wp","href":"https:\/\/api.w.org\/{rel}","templated":true}]}}